{"id":1323,"date":"2020-11-20T23:19:09","date_gmt":"2020-11-20T22:19:09","guid":{"rendered":"https:\/\/www.perego1963.it\/?page_id=1323"},"modified":"2020-12-09T17:07:03","modified_gmt":"2020-12-09T16:07:03","slug":"archivo","status":"publish","type":"page","link":"https:\/\/www.perego1963.it\/es\/archivo\/","title":{"rendered":"ARCHIVO"},"content":{"rendered":"\n<ul><li>Giornale di Monza, n\u00b0 27,07 Julio 2009, p\u00e1gina 31<\/li><li>Il Cittadino, peri\u00f3dico de Monza y de Brianza, n\u00b0 52,02 Julio 2009, p\u00e1gina 11-14<\/li><li>Il Giornale dell\u2019artigiano e del piccolo imprenditore, n\u00b0 6, Diciembre 2008, p\u00e1gina 8<\/li><li>General Electric, folleto 2007, fotograf\u00edas de cocinas y muebles realizados por Perego1963, p\u00e1gina 15-18<\/li><li>Entrevista  emisora tv \u201cSei Milano\u201d, participaci\u00f3n en \u201cArtesano en Feria\u201d, 1999<\/li><li>Lombardia Design, Regi\u00f3n Lombardia y Uni\u00f3n de las C\u00e1maras de Comercio de Lombardia Mil\u00e1n,<br>,1999 (p\u00e1gina 12)<\/li><li>Artigianato e design-100 maneras de decorar- (anexo de la revista Gap casa) Uni\u00f3n de las C\u00e1maras de Comercio de Lombardia , 1999 (p\u00e1gina 17,22-23)<br>\n(pagina 17, 22-23)<\/li><li>Il Giorno (suplemento de Brianza), Viernes 18 Septiembre 1998, fotograf\u00eda del \u00e1rea de exposici\u00f3n (p\u00e1gina 4)<\/li><li>Decoraciones y exposiciones internacionales, Ente mostre di Monza e Brianza, 1996<\/li><li>C\u00e1talogo General MIA (feria en \u201cVilla Reale\u201d de Monza , con la contribuci\u00f3n del Ministerio de Comercio Exterior, 1987 (p\u00e1gina 34)<\/li><\/ul>\n","protected":false},"excerpt":{"rendered":"<p>Giornale di Monza, n\u00b0 27,07 Julio 2009, p\u00e1gina 31 Il Cittadino, peri\u00f3dico de Monza y de Brianza, n\u00b0 52,02 Julio 2009, p\u00e1gina 11-14 Il Giornale dell\u2019artigiano e del piccolo imprenditore, n\u00b0 6, Diciembre 2008, p\u00e1gina 8 General Electric, folleto 2007, fotograf\u00edas de cocinas y muebles realizados por Perego1963, p\u00e1gina 15-18 Entrevista emisora tv \u201cSei Milano\u201d, [&hellip;]<\/p>\n","protected":false},"author":1,"featured_media":0,"parent":0,"menu_order":0,"comment_status":"closed","ping_status":"closed","template":"archivio.php","meta":{"ngg_post_thumbnail":0},"yoast_head":"<!-- This site is optimized with the Yoast SEO plugin v15.5 - https:\/\/yoast.com\/wordpress\/plugins\/seo\/ -->\n<title>ARCHIVO - Perego1963<\/title>\n<meta name=\"robots\" content=\"index, follow, max-snippet:-1, max-image-preview:large, max-video-preview:-1\" \/>\n<link rel=\"canonical\" href=\"https:\/\/www.perego1963.it\/es\/archivo\/\" \/>\n<meta property=\"og:locale\" content=\"es_ES\" \/>\n<meta property=\"og:type\" content=\"article\" \/>\n<meta property=\"og:title\" content=\"ARCHIVO - Perego1963\" \/>\n<meta property=\"og:description\" content=\"Giornale di Monza, n\u00b0 27,07 Julio 2009, p\u00e1gina 31 Il Cittadino, peri\u00f3dico de Monza y de Brianza, n\u00b0 52,02 Julio 2009, p\u00e1gina 11-14 Il Giornale dell\u2019artigiano e del piccolo imprenditore, n\u00b0 6, Diciembre 2008, p\u00e1gina 8 General Electric, folleto 2007, fotograf\u00edas de cocinas y muebles realizados por Perego1963, p\u00e1gina 15-18 Entrevista emisora tv \u201cSei Milano\u201d, [&hellip;]\" \/>\n<meta property=\"og:url\" content=\"https:\/\/www.perego1963.it\/es\/archivo\/\" \/>\n<meta property=\"og:site_name\" content=\"Perego1963\" \/>\n<meta property=\"article:modified_time\" content=\"2020-12-09T16:07:03+00:00\" \/>\n<meta name=\"twitter:card\" content=\"summary_large_image\" \/>\n<meta name=\"twitter:site\" content=\"@PeregoEmanuele\" \/>\n<meta name=\"twitter:label1\" content=\"Tiempo de lectura\">\n\t<meta name=\"twitter:data1\" content=\"1 minuto\">\n<script type=\"application\/ld+json\" class=\"yoast-schema-graph\">{\"@context\":\"https:\/\/schema.org\",\"@graph\":[{\"@type\":\"Organization\",\"@id\":\"https:\/\/www.perego1963.it\/#organization\",\"name\":\"Perego1963\",\"url\":\"https:\/\/www.perego1963.it\/\",\"sameAs\":[\"https:\/\/www.linkedin.com\/in\/emanuele-perego-5296a423\/\",\"https:\/\/twitter.com\/PeregoEmanuele\"],\"logo\":{\"@type\":\"ImageObject\",\"@id\":\"https:\/\/www.perego1963.it\/#logo\",\"inLanguage\":\"es\",\"url\":\"https:\/\/www.perego1963.it\/wp-content\/uploads\/2019\/10\/logo_perego.png\",\"width\":338,\"height\":122,\"caption\":\"Perego1963\"},\"image\":{\"@id\":\"https:\/\/www.perego1963.it\/#logo\"}},{\"@type\":\"WebSite\",\"@id\":\"https:\/\/www.perego1963.it\/#website\",\"url\":\"https:\/\/www.perego1963.it\/\",\"name\":\"Perego1963\",\"description\":\"\",\"publisher\":{\"@id\":\"https:\/\/www.perego1963.it\/#organization\"},\"potentialAction\":[{\"@type\":\"SearchAction\",\"target\":\"https:\/\/www.perego1963.it\/?s={search_term_string}\",\"query-input\":\"required name=search_term_string\"}],\"inLanguage\":\"es\"},{\"@type\":\"WebPage\",\"@id\":\"https:\/\/www.perego1963.it\/es\/archivo\/#webpage\",\"url\":\"https:\/\/www.perego1963.it\/es\/archivo\/\",\"name\":\"ARCHIVO - Perego1963\",\"isPartOf\":{\"@id\":\"https:\/\/www.perego1963.it\/#website\"},\"datePublished\":\"2020-11-20T22:19:09+00:00\",\"dateModified\":\"2020-12-09T16:07:03+00:00\",\"inLanguage\":\"es\",\"potentialAction\":[{\"@type\":\"ReadAction\",\"target\":[\"https:\/\/www.perego1963.it\/es\/archivo\/\"]}]}]}<\/script>\n<!-- \/ Yoast SEO plugin. -->","_links":{"self":[{"href":"https:\/\/www.perego1963.it\/es\/wp-json\/wp\/v2\/pages\/1323\/"}],"collection":[{"href":"https:\/\/www.perego1963.it\/es\/wp-json\/wp\/v2\/pages\/"}],"about":[{"href":"https:\/\/www.perego1963.it\/es\/wp-json\/wp\/v2\/types\/page\/"}],"author":[{"embeddable":true,"href":"https:\/\/www.perego1963.it\/es\/wp-json\/wp\/v2\/users\/1\/"}],"replies":[{"embeddable":true,"href":"https:\/\/www.perego1963.it\/es\/wp-json\/wp\/v2\/comments\/?post=1323"}],"version-history":[{"count":2,"href":"https:\/\/www.perego1963.it\/es\/wp-json\/wp\/v2\/pages\/1323\/revisions\/"}],"predecessor-version":[{"id":2264,"href":"https:\/\/www.perego1963.it\/es\/wp-json\/wp\/v2\/pages\/1323\/revisions\/2264\/"}],"wp:attachment":[{"href":"https:\/\/www.perego1963.it\/es\/wp-json\/wp\/v2\/media\/?parent=1323"}],"curies":[{"name":"wp","href":"https:\/\/api.w.org\/{rel}","templated":true}]}}